{"id":4300,"date":"2024-11-01T18:52:10","date_gmt":"2024-11-01T18:52:10","guid":{"rendered":"https:\/\/braincair.com\/?page_id=4300"},"modified":"2025-03-15T01:42:26","modified_gmt":"2025-03-15T01:42:26","slug":"coaching-academique","status":"publish","type":"page","link":"https:\/\/braincair.com\/index.php\/coaching-academique\/","title":{"rendered":"Coaching acad\u00e9mique"},"content":{"rendered":"<p>[vc_row row_content_width=&#8221;grid&#8221; content_text_alignment=&#8221;center&#8221;][vc_column][vc_column_text]<\/p>\n<p class=\"p1\" style=\"text-align: center;\"><span class=\"s1\">Le <\/span><b>coaching acad\u00e9mique<\/b><span class=\"s1\"> propos\u00e9 chez BrainCair, \u00e0 Bruxelles, s\u2019adresse aux <\/span><b>enfants et adolescents<\/b><span class=\"s1\"> qui souhaitent <\/span><b>am\u00e9liorer leur motivation, leur organisation et leurs strat\u00e9gies d\u2019apprentissage<\/b><span class=\"s1\">. Gr\u00e2ce \u00e0 un accompagnement personnalis\u00e9, nous aidons chaque \u00e9l\u00e8ve \u00e0 <\/span><b>gagner en autonomie, \u00e0 mieux g\u00e9rer son stress scolaire et \u00e0 renforcer sa confiance en lui<\/b><span class=\"s1\"> pour r\u00e9ussir son <\/span><b>ann\u00e9e acad\u00e9mique<\/b><span class=\"s1\">.<\/span><\/p>\n<p class=\"p1\" style=\"text-align: center;\"><span class=\"s1\">Que votre enfant \u00e9prouve des <\/span><b>difficult\u00e9s \u00e0 s\u2019organiser, un manque de motivation ou du stress face aux examens<\/b><span class=\"s1\">, nos <\/span><b>coachs scolaires \u00e0 Bruxelles<\/b><span class=\"s1\"> lui apportent des <\/span><b>outils concrets<\/b><span class=\"s1\"> pour <\/span><b>retrouver un \u00e9quilibre et progresser efficacement<\/b><span class=\"s1\">.<\/span><\/p>\n<p>[\/vc_column_text]<a class=\"qodef-shortcode qodef-m  qodef-button qodef-layout--filled  qodef-html--link\" href=\"https:\/\/www.doctoranytime.be\/h\/braincair\" target=\"_self\"  >\n\t<span class=\"qodef-m-text\">Prendre rendez-vous avec un coach scolaire<\/span>\n<\/a>[vc_empty_space][vc_empty_space][\/vc_column][\/vc_row][vc_row full_width=&#8221;stretch_row_content_no_spaces&#8221; row_content_width=&#8221;grid&#8221;][vc_column css=&#8221;.vc_custom_1741997069337{background-color: #f5f3ef !important;border-radius: 1px !important;}&#8221;][vc_empty_space]<div class=\"qodef-shortcode qodef-m  qodef-section-title qodef-alignment--center \">\n\t\t\t\t<h2 class=\"qodef-m-title\" >\n\t\t\t\t\tUn accompagnement sur mesure vers la r\u00e9ussite scolaire\t\t\t<\/h2>\n\t<\/div>[vc_empty_space][vc_column_text]<\/p>\n<div class=\"wpb_text_column wpb_content_element\">\n<div class=\"wpb_wrapper\">\n<p class=\"p1\" style=\"text-align: center;\"><span class=\"s1\">Nos s\u00e9ances de <\/span><b>coaching scolaire<\/b><span class=\"s1\"> combinent <\/span><b>travail individuel et dynamique de groupe<\/b><span class=\"s1\">, permettant aux \u00e9l\u00e8ves de <\/span><b>b\u00e9n\u00e9ficier d\u2019une approche personnalis\u00e9e tout en \u00e9changeant avec d\u2019autres jeunes<\/b><span class=\"s1\"> confront\u00e9s aux m\u00eames d\u00e9fis.<\/span><\/p>\n<\/div>\n<\/div>\n<p>[\/vc_column_text][vc_empty_space][\/vc_column][\/vc_row][vc_row full_width=&#8221;stretch_row_content&#8221;][vc_column width=&#8221;1\/3&#8243; css=&#8221;.vc_custom_1741996502436{background-color: #f5f3ef !important;}&#8221;][vc_empty_space]<div class=\"qodef-shortcode qodef-m  qodef-section-title qodef-alignment--center \">\n\t\t\t\t<h3 class=\"qodef-m-title\" >\n\t\t\t\t\tSuivi personnalis\u00e9\t\t\t<\/h3>\n\t<\/div>[vc_empty_space][vc_column_text]<\/p>\n<div class=\"qodef-shortcode qodef-m qodef-icon-with-text qodef-layout--before-content qodef--icon-pack qodef--has-appear-animation qodef--appear\">\n<div class=\"qodef-m-content\">\n<p class=\"qodef-m-text\" style=\"text-align: center;\">Chaque \u00e9l\u00e8ve b\u00e9n\u00e9ficie d\u2019un accompagnement individuel bas\u00e9 sur ses besoins sp\u00e9cifiques, avec des objectifs clairs et un plan d\u2019action adapt\u00e9.<\/p>\n<\/div>\n<\/div>\n<p>[\/vc_column_text][vc_empty_space][\/vc_column][vc_column width=&#8221;1\/3&#8243; css=&#8221;.vc_custom_1741996531225{background-color: #f5f3ef !important;}&#8221;][vc_empty_space]<div class=\"qodef-shortcode qodef-m  qodef-section-title qodef-alignment--center \">\n\t\t\t\t<h3 class=\"qodef-m-title\" >\n\t\t\t\t\tPlan de travail\t\t\t<\/h3>\n\t<\/div>[vc_empty_space][vc_column_text]<\/p>\n<div class=\"qodef-shortcode qodef-m qodef-icon-with-text qodef-layout--before-content qodef--icon-pack qodef--has-appear-animation qodef--appear\">\n<div class=\"qodef-m-content\">\n<div class=\"qodef-shortcode qodef-m qodef-icon-with-text qodef-layout--before-content qodef--icon-pack qodef--has-appear-animation qodef--appear\">\n<div class=\"qodef-m-content\">\n<p class=\"qodef-m-text\" style=\"text-align: center;\">Notre coach aide les \u00e9l\u00e8ves \u00e0 construire un planning, int\u00e9grant les \u00e9ch\u00e9ances scolaires, les r\u00e9visions et des exercices pour optimiser leur organisation.<\/p>\n<\/div>\n<\/div>\n<\/div>\n<\/div>\n<p>[\/vc_column_text][vc_empty_space][\/vc_column][vc_column width=&#8221;1\/3&#8243; css=&#8221;.vc_custom_1741996539725{background-color: #f5f3ef !important;}&#8221;][vc_empty_space]<div class=\"qodef-shortcode qodef-m  qodef-section-title qodef-alignment--center \">\n\t\t\t\t<h3 class=\"qodef-m-title\" >\n\t\t\t\t\tExercices pratiques\t\t\t<\/h3>\n\t<\/div>[vc_empty_space][vc_column_text]<\/p>\n<div class=\"qodef-shortcode qodef-m qodef-icon-with-text qodef-layout--before-content qodef--icon-pack qodef--has-appear-animation qodef--appear\">\n<div class=\"qodef-m-content\">\n<div class=\"qodef-shortcode qodef-m qodef-icon-with-text qodef-layout--before-content qodef--icon-pack qodef--has-appear-animation qodef--appear\">\n<div class=\"qodef-m-content\">\n<p class=\"qodef-m-text\" style=\"text-align: center;\">Les \u00e9l\u00e8ves appliquent les comp\u00e9tences apprises \u00e0 travers des exercices et des mises en pratique, renfor\u00e7ant leur compr\u00e9hension et leur autonomie.<\/p>\n<\/div>\n<\/div>\n<\/div>\n<\/div>\n<p>[\/vc_column_text][vc_empty_space][\/vc_column][\/vc_row][vc_row][vc_column][vc_empty_space][\/vc_column][\/vc_row][vc_row full_width=&#8221;stretch_row_content&#8221;][vc_column css=&#8221;.vc_custom_1741999770460{background-color: #155c2b !important;}&#8221;]<div class=\"qodef-shortcode qodef-m  qodef-section-title qodef-alignment--center \">\n\t\t\t\t<h2 class=\"qodef-m-title\" style=\"color: #ffffff\">\n\t\t\t\t\tNos grands axes de travail\t\t\t<\/h2>\n\t<\/div>[vc_empty_space][\/vc_column][\/vc_row][vc_row full_width=&#8221;stretch_row_content&#8221;][vc_column width=&#8221;1\/4&#8243;][vc_empty_space height=&#8221;50px&#8221;][vc_hoverbox image=&#8221;4585&#8243; primary_title=&#8221;&#8221; hover_title=&#8221;Apprendre \u00e0 g\u00e9rer le stress scolaire&#8221; use_custom_fonts_primary_title=&#8221;true&#8221;]<\/p>\n<p class=\"p1\">Les examens et les devoirs sont g\u00e9n\u00e9ralement une grande source de stress pour nos enfants. Gr\u00e2ce \u00e0 des <span class=\"s1\"><b>exercices de relaxation, des techniques de respiration et des strat\u00e9gies de gestion du stress<\/b><\/span>, nous apprenons \u00e0 vos enfants et adolescents \u00e0 <span class=\"s1\"><b>mieux contr\u00f4ler leurs \u00e9motions <\/b>e<\/span>t \u00e0 aborder leur scolarit\u00e9 avec <span class=\"s1\"><b>s\u00e9r\u00e9nit\u00e9 et efficacit\u00e9<\/b>.<\/span><\/p>\n<p>[\/vc_hoverbox][\/vc_column][vc_column width=&#8221;1\/4&#8243;][vc_empty_space height=&#8221;50px&#8221;][vc_hoverbox image=&#8221;4586&#8243; primary_title=&#8221;&#8221; hover_title=&#8221;Motivation scolaire et engagement&#8221;]<\/p>\n<p class=\"p1\"><span class=\"s1\">Le <\/span><b>manque de motivation<\/b><span class=\"s1\"> est souvent un frein \u00e0 la r\u00e9ussite. Nos <\/span><b>coachs scolaires<\/b><span class=\"s1\"> aident les \u00e9l\u00e8ves \u00e0 <\/span><b>identifier leurs objectifs personnels, d\u00e9couvrir leurs centres d\u2019int\u00e9r\u00eat et retrouver du sens dans leurs \u00e9tudes<\/b><span class=\"s1\">. En fixant des <\/span><b>buts atteignables<\/b><span class=\"s1\">, ils d\u00e9veloppent une <\/span><b>attitude proactive<\/b><span class=\"s1\"> et reprennent confiance en leurs capacit\u00e9s.<\/span><\/p>\n<p>[\/vc_hoverbox][\/vc_column][vc_column width=&#8221;1\/4&#8243;][vc_empty_space height=&#8221;50px&#8221;][vc_hoverbox image=&#8221;4587&#8243; primary_title=&#8221;&#8221; hover_title=&#8221;Organiser et planifier son travail&#8221;]<\/p>\n<p class=\"p1\"><span class=\"s1\">Un <\/span><b>emploi du temps<\/b><span class=\"s1\"> bien structur\u00e9 est essentiel pour <\/span><b>g\u00e9rer les priorit\u00e9s, rester concentr\u00e9 et \u00e9viter la surcharge mentale<\/b><span class=\"s1\">. Nos <\/span><b>coachs acad\u00e9miques<\/b><span class=\"s1\"> aident vos enfants et adolescents \u00e0 mieux <\/span><b>structurer leur travail scolaire, \u00e0 \u00e9quilibrer leurs responsabilit\u00e9s et \u00e0 mieux g\u00e9rer leur temps<\/b><span class=\"s1\">, afin de <\/span><b>r\u00e9duire le stress li\u00e9 aux \u00e9ch\u00e9ances<\/b><span class=\"s1\">.<\/span><\/p>\n<p>[\/vc_hoverbox][\/vc_column][vc_column width=&#8221;1\/4&#8243;][vc_empty_space height=&#8221;50px&#8221;][vc_hoverbox image=&#8221;4588&#8243; primary_title=&#8221;&#8221; hover_title=&#8221;Strat\u00e9gies d&#8217;apprentissages et m\u00e9morisation&#8221;]<\/p>\n<p class=\"p1\">Chaque \u00e9l\u00e8ve apprend diff\u00e9remment. Pour cette raison, nous enseignons des <span class=\"s1\"><b>techniques efficaces de prise de notes, de m\u00e9morisation et de r\u00e9vision<\/b><\/span>, adapt\u00e9es \u00e0 chaque profil et \u00e0 leurs besoins sp\u00e9cifiques. Ces m\u00e9thodes leur permettent d\u2019<span class=\"s1\"><b>apprendre plus rapidement et durablement<\/b><\/span>, de mieux retenir les infos et de gagner en efficacit\u00e9 au quotidien.<\/p>\n<p>[\/vc_hoverbox][\/vc_column][\/vc_row][vc_row][vc_column][vc_empty_space][\/vc_column][\/vc_row][vc_row full_width=&#8221;stretch_row_content&#8221;][vc_column css=&#8221;.vc_custom_1741999770460{background-color: #155c2b !important;}&#8221;]<div class=\"qodef-shortcode qodef-m  qodef-section-title qodef-alignment--center \">\n\t\t\t\t<h2 class=\"qodef-m-title\" style=\"color: #ffffff\">\n\t\t\t\t\tD\u00e9velopper l\u2019autonomie et la confiance en soi\t\t\t<\/h2>\n\t<\/div>[vc_empty_space][\/vc_column][\/vc_row][vc_row][vc_column][vc_empty_space][\/vc_column][\/vc_row][vc_row full_width=&#8221;stretch_row&#8221; css=&#8221;.vc_custom_1742001134588{border-radius: 2px !important;}&#8221;][vc_column css=&#8221;.vc_custom_1742001016605{background-color: #f5f3ef !important;}&#8221;][vc_column_text]<\/p>\n<p class=\"p1\" style=\"text-align: center;\"><b>Vous cherchez un accompagnement pour aider votre enfant \u00e0 gagner en autonomie ?<\/b><\/p>\n<p>&nbsp;<\/p>\n<p class=\"p1\"><span class=\"s1\">Nos <\/span><b>ateliers \u201cJe d\u00e9veloppe mon autonomie\u201d<\/b><span class=\"s1\"> sont sp\u00e9cialement con\u00e7us pour les <\/span><b>enfants et adolescents (6-18 ans)<\/b><span class=\"s1\"> qui souhaitent :<\/span><\/p>\n<p class=\"p1\"><span class=\"s1\">\u2714 Renforcer leur <\/span><b>autonomie et leur sens des responsabilit\u00e9s<\/b><b><\/b><\/p>\n<p class=\"p1\"><span class=\"s1\">\u2714 Surmonter leurs <\/span><b>blocages et croyances limitantes<\/b><b><\/b><\/p>\n<p class=\"p1\"><span class=\"s1\">\u2714 D\u00e9velopper <\/span><b>leur estime de soi et leur confiance<\/b><b><\/b><\/p>\n<p class=\"p1\" style=\"text-align: left;\"><span class=\"s1\">Ces <\/span><b>ateliers sont anim\u00e9s par notre coach scolaire et une neuropsychologue<\/b><span class=\"s1\">, garantissant une approche <\/span><b>compl\u00e8te et adapt\u00e9e<\/b><span class=\"s1\"> aux besoins des jeunes.<\/span><\/p>\n<p>[\/vc_column_text]<a class=\"qodef-shortcode qodef-m  qodef-button qodef-layout--filled  qodef-html--link\" href=\"https:\/\/www.doctoranytime.be\/h\/braincair\" target=\"_self\"  >\n\t<span class=\"qodef-m-text\">En savoir plus sur les ateliers ``Je d\u00e9veloppe mon autonomie\u201d<\/span>\n<\/a>[vc_empty_space][\/vc_column][\/vc_row][vc_row][vc_column][vc_empty_space]<div class=\"qodef-shortcode qodef-m  qodef-section-title qodef-alignment--left \">\n\t\t\t\t<h2 class=\"qodef-m-title\" >\n\t\t\t\t\tVos questions fr\u00e9quentes sur notre coaching scolaire \u00e0 Bruxelles\t\t\t<\/h2>\n\t<\/div>[vc_empty_space][vc_toggle title=&#8221;\u00c0 qui s\u2019adresse le coaching acad\u00e9mique ?&#8221;]<\/p>\n<p class=\"p1\">Le coaching acad\u00e9mique est destin\u00e9 aux <span class=\"s1\"><b>enfants et adolescents<\/b><\/span>, du <span class=\"s1\"><b>primaire au secondaire<\/b><\/span>, qui rencontrent des difficult\u00e9s scolaires, qu\u2019il s\u2019agisse de <span class=\"s1\"><b>motivation, d\u2019organisation, de stress ou de m\u00e9thodes d\u2019apprentissage inefficaces<\/b><\/span>. Il s\u2019adresse aussi aux \u00e9l\u00e8ves qui veulent <span class=\"s1\"><b>optimiser leur potentiel<\/b><\/span> et am\u00e9liorer leur autonomie.<\/p>\n<p>[\/vc_toggle][vc_toggle title=&#8221;Mon enfant a du mal \u00e0 se motiver pour aller \u00e0 l&#8217;\u00e9cole et \u00e9tudier, ce coaching peut-il l\u2019aider ?&#8221;]<\/p>\n<p class=\"p1\">Oui ! Nos coachs scolaires aident les \u00e9l\u00e8ves \u00e0 <span class=\"s1\"><b>retrouver du sens dans leurs \u00e9tudes<\/b><\/span> en identifiant leurs <span class=\"s1\"><b>forces, leurs objectifs et leurs centres d\u2019int\u00e9r\u00eat<\/b><\/span>. Gr\u00e2ce \u00e0 un accompagnement personnalis\u00e9, ils apprennent \u00e0 <span class=\"s1\"><b>se fixer des objectifs atteignables<\/b><\/span>, \u00e0 mieux s\u2019organiser et \u00e0 retrouver confiance en eux pour avancer avec motivation.<\/p>\n<p>[\/vc_toggle][vc_toggle title=&#8221;Quelle est la diff\u00e9rence entre un coach scolaire et un professeur particulier ?&#8221;]<\/p>\n<p class=\"p1\"><span class=\"s1\">Un professeur particulier aide \u00e0 <\/span><b>comprendre une mati\u00e8re sp\u00e9cifique<\/b><span class=\"s1\"> (maths, fran\u00e7ais, sciences\u2026), tandis qu\u2019un <\/span><b>coach scolaire travaille sur des comp\u00e9tences transversales<\/b><span class=\"s1\"> : <\/span><b>organisation, m\u00e9thodologie, gestion du stress, motivation et confiance en soi<\/b><span class=\"s1\">. L\u2019objectif du coaching acad\u00e9mique est de rendre l\u2019\u00e9l\u00e8ve <\/span><b>autonome et acteur de sa r\u00e9ussite<\/b><span class=\"s1\">, quelles que soient les mati\u00e8res concern\u00e9es.<\/span><\/p>\n<p>[\/vc_toggle][vc_toggle title=&#8221;Mon enfant est souvent stress\u00e9 avant les examens, peut-il apprendre \u00e0 mieux g\u00e9rer cette pression ?&#8221;]<\/p>\n<p class=\"p1\"><span class=\"s1\">Absolument ! Nous proposons des <\/span><b>techniques de relaxation, de respiration et de gestion des \u00e9motions<\/b><span class=\"s1\"> pour aider les \u00e9l\u00e8ves \u00e0 <\/span><b>apaiser leur stress et am\u00e9liorer leur concentration<\/b><span class=\"s1\"> avant les examens. Ces outils leur permettent d\u2019<\/span><b>aborder leurs \u00e9preuves avec plus de s\u00e9r\u00e9nit\u00e9 et d\u2019efficacit\u00e9<\/b><span class=\"s1\">.<\/span><\/p>\n<p>[\/vc_toggle][vc_toggle title=&#8221;Comment se d\u00e9roule une s\u00e9ance de coaching acad\u00e9mique ?&#8221;]<\/p>\n<p class=\"p1\">Les s\u00e9ances sont <span class=\"s1\"><b>personnalis\u00e9es<\/b><\/span> en fonction des besoins de chaque \u00e9l\u00e8ve. Elles peuvent inclure :<\/p>\n<p class=\"p2\">\u2022 <span class=\"s1\"><b>Des exercices pratiques<\/b><\/span> sur l\u2019organisation et la planification du travail.<\/p>\n<p class=\"p2\">\u2022 <span class=\"s1\"><b>Des mises en situation<\/b><\/span> pour appliquer les strat\u00e9gies d\u2019apprentissage et de m\u00e9morisation.<\/p>\n<p class=\"p2\">\u2022 <span class=\"s1\"><b>Des techniques de gestion du stress<\/b><\/span> et de renforcement de la confiance en soi.<\/p>\n<p class=\"p1\">Le suivi peut \u00eatre <span class=\"s1\"><b>individuel ou en groupe<\/b><\/span>, selon les besoins et pr\u00e9f\u00e9rences de l\u2019\u00e9l\u00e8ve.<\/p>\n<p>[\/vc_toggle][vc_toggle title=&#8221;Le coaching acad\u00e9mique peut-il aider un enfant avec un trouble de l\u2019apprentissage (dyslexie, TDAH, etc.) ?&#8221;]<\/p>\n<p class=\"p1\">Oui ! Nos coachs scolaires travaillent en collaboration avec des <span class=\"s1\"><b>neuropsychologues et des logop\u00e8des<\/b><\/span> au sein m\u00eame de BrainCair pour adapter les strat\u00e9gies aux besoins sp\u00e9cifiques des \u00e9l\u00e8ves ayant des <span class=\"s1\"><b>troubles de l\u2019apprentissage (dyslexie, dyscalculie, dysorthographie, TDAH, etc.)<\/b><\/span>.<\/p>\n<p>[\/vc_toggle][vc_toggle title=&#8221;Comment prendre rendez-vous pour un premier coaching ?&#8221;]<\/p>\n<p class=\"p1\">Il suffit de nous contacter via notre formulaire en ligne ou par t\u00e9l\u00e9phone. Lors du premier \u00e9change, nous discuterons des <span class=\"s1\"><b>besoins sp\u00e9cifiques de votre enfant<\/b><\/span> afin de proposer un accompagnement adapt\u00e9.<\/p>\n<p class=\"p1\"><em><a href=\"https:\/\/www.doctoranytime.be\/h\/braincair\"><b>Prendre rendez-vous avec un coach scolaire \u00e0 Bruxelles<\/b><\/a><\/em><\/p>\n<p>[\/vc_toggle][vc_empty_space][\/vc_column][\/vc_row][vc_row row_content_width=&#8221;grid&#8221; content_text_alignment=&#8221;center&#8221;][vc_column width=&#8221;2\/3&#8243;][vc_empty_space][vc_empty_space]<div class=\"qodef-shortcode qodef-m  qodef-section-title qodef-alignment--left \">\n\t\t\t\t<h2 class=\"qodef-m-title\" >\n\t\t\t\t\tContactez-nous !\t\t\t<\/h2>\n\t<\/div>[vc_empty_space]\n<div class=\"wpcf7 no-js\" id=\"wpcf7-f3563-o1\" lang=\"en-US\" dir=\"ltr\" data-wpcf7-id=\"3563\">\n<div class=\"screen-reader-response\"><p role=\"status\" aria-live=\"polite\" aria-atomic=\"true\"><\/p> <ul><\/ul><\/div>\n<form action=\"\/index.php\/wp-json\/wp\/v2\/pages\/4300#wpcf7-f3563-o1\" method=\"post\" class=\"wpcf7-form init\" aria-label=\"Contact form\" novalidate=\"novalidate\" data-status=\"init\">\n<fieldset class=\"hidden-fields-container\"><input type=\"hidden\" name=\"_wpcf7\" value=\"3563\" \/><input type=\"hidden\" name=\"_wpcf7_version\" value=\"6.1.5\" \/><input type=\"hidden\" name=\"_wpcf7_locale\" value=\"en_US\" \/><input type=\"hidden\" name=\"_wpcf7_unit_tag\" value=\"wpcf7-f3563-o1\" \/><input type=\"hidden\" name=\"_wpcf7_container_post\" value=\"0\" \/><input type=\"hidden\" name=\"_wpcf7_posted_data_hash\" value=\"\" \/>\n<\/fieldset>\n<div class=\"qodef-contat-form-form-3 qodef-cf7-custom-fields-bg qodef-cf7-custom-no-margin\">\n\t<div class=\"qodef-grid qodef-layout--columns qodef-col-num--2 qodef-gutter--tiny\">\n\t\t<div class=\"qodef-grid-inner\">\n\t\t\t<div class=\"qodef-grid-item\">\n\t\t\t\t<div class=\"qodef-col-num--6\">\n\t\t\t\t\t<p><span class=\"wpcf7-form-control-wrap\" data-name=\"your-name\"><input size=\"40\" maxlength=\"400\" class=\"wpcf7-form-control wpcf7-text wpcf7-validates-as-required\" aria-required=\"true\" aria-invalid=\"false\" placeholder=\"Votre nom\" value=\"\" type=\"text\" name=\"your-name\" \/><\/span>\n\t\t\t\t\t<\/p>\n\t\t\t\t<\/div>\n\t\t\t<\/div>\n\t\t\t<div class=\"qodef-grid-item\">\n\t\t\t\t<div class=\"qodef-col-num--6\">\n\t\t\t\t\t<p><span class=\"wpcf7-form-control-wrap\" data-name=\"your-email\"><input size=\"40\" maxlength=\"400\" class=\"wpcf7-form-control wpcf7-email wpcf7-validates-as-required wpcf7-text wpcf7-validates-as-email\" aria-required=\"true\" aria-invalid=\"false\" placeholder=\"Votre e-mail*\" value=\"\" type=\"email\" name=\"your-email\" \/><\/span>\n\t\t\t\t\t<\/p>\n\t\t\t\t<\/div>\n\t\t\t<\/div>\n\t\t\t<div class=\"qodef-grid-item\">\n\t\t\t\t<div class=\"qodef-col-num--6\">\n\t\t\t\t\t<p><span class=\"wpcf7-form-control-wrap\" data-name=\"tel-414\"><input size=\"40\" maxlength=\"400\" class=\"wpcf7-form-control wpcf7-tel wpcf7-text wpcf7-validates-as-tel\" aria-invalid=\"false\" placeholder=\"Votre num\u00e9ro de t\u00e9l\u00e9phone\" value=\"\" type=\"tel\" name=\"tel-414\" \/><\/span>\n\t\t\t\t\t<\/p>\n\t\t\t\t<\/div>\n\t\t\t<\/div>\n\t\t\t<div class=\"qodef-grid-item\">\n\t\t\t\t<div class=\"qodef-col-num--6 qodef-select-change\">\n\t\t\t\t\t<p><span class=\"wpcf7-form-control-wrap\" data-name=\"menu-162\"><select class=\"wpcf7-form-control wpcf7-select\" aria-invalid=\"false\" name=\"menu-162\"><option value=\"---\">---<\/option><option value=\"Autre\">Autre<\/option><option value=\"Prise de rendez-vous\">Prise de rendez-vous<\/option><option value=\"Renseignements\">Renseignements<\/option><\/select><\/span>\n\t\t\t\t\t<\/p>\n\t\t\t\t<\/div>\n\t\t\t<\/div>\n\t\t<\/div>\n\t<\/div>\n\t<p><span class=\"wpcf7-form-control-wrap\" data-name=\"your-message\"><textarea cols=\"40\" rows=\"6\" maxlength=\"2000\" class=\"wpcf7-form-control wpcf7-textarea\" aria-invalid=\"false\" placeholder=\"Votre message\" name=\"your-message\"><\/textarea><\/span>\n\t<\/p>\n\t<p><button class=\"wpcf7-form-control wpcf7-submit qodef-button qodef-size--normal qodef-type--filled qodef-m\" type=\"submit\"><span class=\"qodef-m-text\">Envoyer<\/span><\/button>\n\t<\/p>\n<\/div><div class=\"wpcf7-response-output\" aria-hidden=\"true\"><\/div>\n<\/form>\n<\/div>\n[vc_empty_space][\/vc_column][vc_column width=&#8221;1\/3&#8243;][vc_empty_space][vc_empty_space][vc_empty_space][vc_gmaps link=&#8221;#E-8_JTNDaWZyYW1lJTIwc3JjJTNEJTIyaHR0cHMlM0ElMkYlMkZ3d3cuZ29vZ2xlLmNvbSUyRm1hcHMlMkZlbWJlZCUzRnBiJTNEJTIxMW0xOCUyMTFtMTIlMjExbTMlMjExZDUwNDEuMDgwNzQ5MjI4NzQ5JTIxMmQ0LjM1MTkwNjQ3NjQzMzQ2NyUyMTNkNTAuODIxMTUzOTYwNjAzNTQlMjEybTMlMjExZjAlMjEyZjAlMjEzZjAlMjEzbTIlMjExaTEwMjQlMjEyaTc2OCUyMTRmMTMuMSUyMTNtMyUyMTFtMiUyMTFzMHg0N2MzYzRmNjAyYWQyMjk3JTI1M0EweDkwN2Y3ZGQ2ZmI4OGVhYWUlMjEyc1J1ZSUyNTIwRnJhbnolMjUyME1lcmpheSUyNTIwMzMlMjUyQyUyNTIwMTA1MCUyNTIwSXhlbGxlcyUyMTVlMCUyMTNtMiUyMTFzZW4lMjEyc2JlJTIxNHYxNzE5NzY5MjQ5MzUzJTIxNW0yJTIxMXNlbiUyMTJzYmUlMjIlMjB3aWR0aCUzRCUyMjYwMCUyMiUyMGhlaWdodCUzRCUyMjQ1MCUyMiUyMHN0eWxlJTNEJTIyYm9yZGVyJTNBMCUzQiUyMiUyMGFsbG93ZnVsbHNjcmVlbiUzRCUyMiUyMiUyMGxvYWRpbmclM0QlMjJsYXp5JTIyJTIwcmVmZXJyZXJwb2xpY3klM0QlMjJuby1yZWZlcnJlci13aGVuLWRvd25ncmFkZSUyMiUzRSUzQyUyRmlmcmFtZSUzRQ==&#8221;][\/vc_column][\/vc_row]<\/p>\n","protected":false},"excerpt":{"rendered":"<p>[vc_row row_content_width=&#8221;grid&#8221; content_text_alignment=&#8221;center&#8221;][vc_column][vc_column_text] Le coaching acad\u00e9mique propos\u00e9 chez BrainCair, \u00e0 Bruxelles, s\u2019adresse aux enfants et adolescents qui souhaitent am\u00e9liorer leur motivation, leur organisation et leurs strat\u00e9gies d\u2019apprentissage. Gr\u00e2ce \u00e0 un accompagnement personnalis\u00e9, nous aidons chaque \u00e9l\u00e8ve \u00e0 gagner en autonomie, \u00e0 mieux g\u00e9rer son stress scolaire et \u00e0 renforcer sa confiance en lui pour r\u00e9ussir [&hellip;]<\/p>\n","protected":false},"author":2,"featured_media":0,"parent":0,"menu_order":0,"comment_status":"closed","ping_status":"closed","template":"","meta":{"footnotes":""},"class_list":["post-4300","page","type-page","status-publish","hentry"],"yoast_head":"<!-- This site is optimized with the Yoast SEO plugin v24.4 - https:\/\/yoast.com\/wordpress\/plugins\/seo\/ -->\n<title>Coach Acad\u00e9mique \u00e0 Bruxelles | BrainCair<\/title>\n<meta name=\"description\" content=\"Chez BrainCair, \u00e0 Bruxelles, notre coach acad\u00e9mique accueille vos enfants et vos ados pr\u00e9sentant des difficult\u00e9s dans leur parcours scolaire.\" \/>\n<meta name=\"robots\" content=\"index, follow, max-snippet:-1, max-image-preview:large, max-video-preview:-1\" \/>\n<link rel=\"canonical\" href=\"https:\/\/braincair.com\/index.php\/coaching-academique\/\" \/>\n<meta property=\"og:locale\" content=\"en_US\" \/>\n<meta property=\"og:type\" content=\"article\" \/>\n<meta property=\"og:title\" content=\"Coach Acad\u00e9mique \u00e0 Bruxelles | BrainCair\" \/>\n<meta property=\"og:description\" content=\"Chez BrainCair, \u00e0 Bruxelles, notre coach acad\u00e9mique accueille vos enfants et vos ados pr\u00e9sentant des difficult\u00e9s dans leur parcours scolaire.\" \/>\n<meta property=\"og:url\" content=\"https:\/\/braincair.com\/index.php\/coaching-academique\/\" \/>\n<meta property=\"og:site_name\" content=\"BrainCair\" \/>\n<meta property=\"article:publisher\" content=\"https:\/\/www.facebook.com\/profile.php?id=61551929916385\" \/>\n<meta property=\"article:modified_time\" content=\"2025-03-15T01:42:26+00:00\" \/>\n<meta name=\"twitter:card\" content=\"summary_large_image\" \/>\n<meta name=\"twitter:label1\" content=\"Est. reading time\" \/>\n\t<meta name=\"twitter:data1\" content=\"6 minutes\" \/>\n<script type=\"application\/ld+json\" class=\"yoast-schema-graph\">{\"@context\":\"https:\/\/schema.org\",\"@graph\":[{\"@type\":\"WebPage\",\"@id\":\"https:\/\/braincair.com\/index.php\/coaching-academique\/\",\"url\":\"https:\/\/braincair.com\/index.php\/coaching-academique\/\",\"name\":\"Coach Acad\u00e9mique \u00e0 Bruxelles | BrainCair\",\"isPartOf\":{\"@id\":\"https:\/\/braincair.com\/#website\"},\"datePublished\":\"2024-11-01T18:52:10+00:00\",\"dateModified\":\"2025-03-15T01:42:26+00:00\",\"description\":\"Chez BrainCair, \u00e0 Bruxelles, notre coach acad\u00e9mique accueille vos enfants et vos ados pr\u00e9sentant des difficult\u00e9s dans leur parcours scolaire.\",\"breadcrumb\":{\"@id\":\"https:\/\/braincair.com\/index.php\/coaching-academique\/#breadcrumb\"},\"inLanguage\":\"en-US\",\"potentialAction\":[{\"@type\":\"ReadAction\",\"target\":[\"https:\/\/braincair.com\/index.php\/coaching-academique\/\"]}]},{\"@type\":\"BreadcrumbList\",\"@id\":\"https:\/\/braincair.com\/index.php\/coaching-academique\/#breadcrumb\",\"itemListElement\":[{\"@type\":\"ListItem\",\"position\":1,\"name\":\"Home\",\"item\":\"https:\/\/braincair.com\/\"},{\"@type\":\"ListItem\",\"position\":2,\"name\":\"Coaching acad\u00e9mique\"}]},{\"@type\":\"WebSite\",\"@id\":\"https:\/\/braincair.com\/#website\",\"url\":\"https:\/\/braincair.com\/\",\"name\":\"BrainCair\",\"description\":\"Du myst\u00e8re de l&#039;esprit \u00e0 la maitrise de la vie\",\"publisher\":{\"@id\":\"https:\/\/braincair.com\/#organization\"},\"potentialAction\":[{\"@type\":\"SearchAction\",\"target\":{\"@type\":\"EntryPoint\",\"urlTemplate\":\"https:\/\/braincair.com\/?s={search_term_string}\"},\"query-input\":{\"@type\":\"PropertyValueSpecification\",\"valueRequired\":true,\"valueName\":\"search_term_string\"}}],\"inLanguage\":\"en-US\"},{\"@type\":\"Organization\",\"@id\":\"https:\/\/braincair.com\/#organization\",\"name\":\"BrainCair\",\"url\":\"https:\/\/braincair.com\/\",\"logo\":{\"@type\":\"ImageObject\",\"inLanguage\":\"en-US\",\"@id\":\"https:\/\/braincair.com\/#\/schema\/logo\/image\/\",\"url\":\"https:\/\/braincair.com\/wp-content\/uploads\/2024\/07\/cropped-BrainCairLogotype.png\",\"contentUrl\":\"https:\/\/braincair.com\/wp-content\/uploads\/2024\/07\/cropped-BrainCairLogotype.png\",\"width\":2481,\"height\":2481,\"caption\":\"BrainCair\"},\"image\":{\"@id\":\"https:\/\/braincair.com\/#\/schema\/logo\/image\/\"},\"sameAs\":[\"https:\/\/www.facebook.com\/profile.php?id=61551929916385\",\"https:\/\/www.instagram.com\/braincair\/\",\"https:\/\/www.linkedin.com\/company\/braincair\/\"]}]}<\/script>\n<!-- \/ Yoast SEO plugin. -->","yoast_head_json":{"title":"Coach Acad\u00e9mique \u00e0 Bruxelles | BrainCair","description":"Chez BrainCair, \u00e0 Bruxelles, notre coach acad\u00e9mique accueille vos enfants et vos ados pr\u00e9sentant des difficult\u00e9s dans leur parcours scolaire.","robots":{"index":"index","follow":"follow","max-snippet":"max-snippet:-1","max-image-preview":"max-image-preview:large","max-video-preview":"max-video-preview:-1"},"canonical":"https:\/\/braincair.com\/index.php\/coaching-academique\/","og_locale":"en_US","og_type":"article","og_title":"Coach Acad\u00e9mique \u00e0 Bruxelles | BrainCair","og_description":"Chez BrainCair, \u00e0 Bruxelles, notre coach acad\u00e9mique accueille vos enfants et vos ados pr\u00e9sentant des difficult\u00e9s dans leur parcours scolaire.","og_url":"https:\/\/braincair.com\/index.php\/coaching-academique\/","og_site_name":"BrainCair","article_publisher":"https:\/\/www.facebook.com\/profile.php?id=61551929916385","article_modified_time":"2025-03-15T01:42:26+00:00","twitter_card":"summary_large_image","twitter_misc":{"Est. reading time":"6 minutes"},"schema":{"@context":"https:\/\/schema.org","@graph":[{"@type":"WebPage","@id":"https:\/\/braincair.com\/index.php\/coaching-academique\/","url":"https:\/\/braincair.com\/index.php\/coaching-academique\/","name":"Coach Acad\u00e9mique \u00e0 Bruxelles | BrainCair","isPartOf":{"@id":"https:\/\/braincair.com\/#website"},"datePublished":"2024-11-01T18:52:10+00:00","dateModified":"2025-03-15T01:42:26+00:00","description":"Chez BrainCair, \u00e0 Bruxelles, notre coach acad\u00e9mique accueille vos enfants et vos ados pr\u00e9sentant des difficult\u00e9s dans leur parcours scolaire.","breadcrumb":{"@id":"https:\/\/braincair.com\/index.php\/coaching-academique\/#breadcrumb"},"inLanguage":"en-US","potentialAction":[{"@type":"ReadAction","target":["https:\/\/braincair.com\/index.php\/coaching-academique\/"]}]},{"@type":"BreadcrumbList","@id":"https:\/\/braincair.com\/index.php\/coaching-academique\/#breadcrumb","itemListElement":[{"@type":"ListItem","position":1,"name":"Home","item":"https:\/\/braincair.com\/"},{"@type":"ListItem","position":2,"name":"Coaching acad\u00e9mique"}]},{"@type":"WebSite","@id":"https:\/\/braincair.com\/#website","url":"https:\/\/braincair.com\/","name":"BrainCair","description":"Du myst\u00e8re de l&#039;esprit \u00e0 la maitrise de la vie","publisher":{"@id":"https:\/\/braincair.com\/#organization"},"potentialAction":[{"@type":"SearchAction","target":{"@type":"EntryPoint","urlTemplate":"https:\/\/braincair.com\/?s={search_term_string}"},"query-input":{"@type":"PropertyValueSpecification","valueRequired":true,"valueName":"search_term_string"}}],"inLanguage":"en-US"},{"@type":"Organization","@id":"https:\/\/braincair.com\/#organization","name":"BrainCair","url":"https:\/\/braincair.com\/","logo":{"@type":"ImageObject","inLanguage":"en-US","@id":"https:\/\/braincair.com\/#\/schema\/logo\/image\/","url":"https:\/\/braincair.com\/wp-content\/uploads\/2024\/07\/cropped-BrainCairLogotype.png","contentUrl":"https:\/\/braincair.com\/wp-content\/uploads\/2024\/07\/cropped-BrainCairLogotype.png","width":2481,"height":2481,"caption":"BrainCair"},"image":{"@id":"https:\/\/braincair.com\/#\/schema\/logo\/image\/"},"sameAs":["https:\/\/www.facebook.com\/profile.php?id=61551929916385","https:\/\/www.instagram.com\/braincair\/","https:\/\/www.linkedin.com\/company\/braincair\/"]}]}},"_links":{"self":[{"href":"https:\/\/braincair.com\/index.php\/wp-json\/wp\/v2\/pages\/4300","targetHints":{"allow":["GET"]}}],"collection":[{"href":"https:\/\/braincair.com\/index.php\/wp-json\/wp\/v2\/pages"}],"about":[{"href":"https:\/\/braincair.com\/index.php\/wp-json\/wp\/v2\/types\/page"}],"author":[{"embeddable":true,"href":"https:\/\/braincair.com\/index.php\/wp-json\/wp\/v2\/users\/2"}],"replies":[{"embeddable":true,"href":"https:\/\/braincair.com\/index.php\/wp-json\/wp\/v2\/comments?post=4300"}],"version-history":[{"count":31,"href":"https:\/\/braincair.com\/index.php\/wp-json\/wp\/v2\/pages\/4300\/revisions"}],"predecessor-version":[{"id":4598,"href":"https:\/\/braincair.com\/index.php\/wp-json\/wp\/v2\/pages\/4300\/revisions\/4598"}],"wp:attachment":[{"href":"https:\/\/braincair.com\/index.php\/wp-json\/wp\/v2\/media?parent=4300"}],"curies":[{"name":"wp","href":"https:\/\/api.w.org\/{rel}","templated":true}]}}